{"version":"1.0","provider_name":"Rot-Wei\u00df Moisling","provider_url":"https:\/\/rw-moisling.de","author_name":"admin","author_url":"https:\/\/rw-moisling.de\/index.php\/author\/admin\/","title":"Jubil\u00e4um beim Stadtwerke L\u00fcbeck Trikot-Tausch - Rot-Wei\u00df Moisling","type":"rich","width":600,"height":338,"html":"<blockquote class=\"wp-embedded-content\" data-secret=\"YBXYLdSQIf\"><a href=\"https:\/\/rw-moisling.de\/index.php\/2015\/05\/28\/jubilaeum-beim-stadtwerke-luebeck-trikot-tausch\/\">Jubil\u00e4um beim Stadtwerke L\u00fcbeck Trikot-Tausch<\/a><\/blockquote><iframe sandbox=\"allow-scripts\" security=\"restricted\" src=\"https:\/\/rw-moisling.de\/index.php\/2015\/05\/28\/jubilaeum-beim-stadtwerke-luebeck-trikot-tausch\/embed\/#?secret=YBXYLdSQIf\" width=\"600\" height=\"338\" title=\"&#8222;Jubil\u00e4um beim Stadtwerke L\u00fcbeck Trikot-Tausch&#8220; &#8211; Rot-Wei\u00df Moisling\" data-secret=\"YBXYLdSQIf\" frameborder=\"0\" marginwidth=\"0\" marginheight=\"0\" scrolling=\"no\" class=\"wp-embedded-content\"><\/iframe><script type=\"text\/javascript\">\n\/* <![CDATA[ *\/\n\/*! This file is auto-generated *\/\n!function(d,l){\"use strict\";l.querySelector&&d.addEventListener&&\"undefined\"!=typeof URL&&(d.wp=d.wp||{},d.wp.receiveEmbedMessage||(d.wp.receiveEmbedMessage=function(e){var t=e.data;if((t||t.secret||t.message||t.value)&&!\/[^a-zA-Z0-9]\/.test(t.secret)){for(var s,r,n,a=l.querySelectorAll('iframe[data-secret=\"'+t.secret+'\"]'),o=l.querySelectorAll('blockquote[data-secret=\"'+t.secret+'\"]'),c=new RegExp(\"^https?:$\",\"i\"),i=0;i<o.length;i++)o[i].style.display=\"none\";for(i=0;i<a.length;i++)s=a[i],e.source===s.contentWindow&&(s.removeAttribute(\"style\"),\"height\"===t.message?(1e3<(r=parseInt(t.value,10))?r=1e3:~~r<200&&(r=200),s.height=r):\"link\"===t.message&&(r=new URL(s.getAttribute(\"src\")),n=new URL(t.value),c.test(n.protocol))&&n.host===r.host&&l.activeElement===s&&(d.top.location.href=t.value))}},d.addEventListener(\"message\",d.wp.receiveEmbedMessage,!1),l.addEventListener(\"DOMContentLoaded\",function(){for(var e,t,s=l.querySelectorAll(\"iframe.wp-embedded-content\"),r=0;r<s.length;r++)(t=(e=s[r]).getAttribute(\"data-secret\"))||(t=Math.random().toString(36).substring(2,12),e.src+=\"#?secret=\"+t,e.setAttribute(\"data-secret\",t)),e.contentWindow.postMessage({message:\"ready\",secret:t},\"*\")},!1)))}(window,document);\n\/\/# sourceURL=https:\/\/rw-moisling.de\/wp-includes\/js\/wp-embed.min.js\n\/* ]]> *\/\n<\/script>\n","description":"Nachdem die Kinder- und Jugendlichen der Abteilung Hallenradsport vor zwei Jahren mit Trainingsanz\u00fcgen ausgestattet wurden, war eine Teilnahme selbstverst\u00e4ndlich. L\u00fcbeck. Beim Heimspiel des VfB L\u00fcbeck gegen BSV SW Rehden kam es am vor zwei Wochen&hellip;"}